{"id":34,"date":"2018-11-23T16:28:23","date_gmt":"2018-11-23T15:28:23","guid":{"rendered":"http:\/\/www.gulliverzlin.cz\/wpress\/?page_id=34"},"modified":"2026-07-22T23:37:34","modified_gmt":"2026-07-22T21:37:34","slug":"gulliver-na-cestach","status":"publish","type":"page","link":"https:\/\/www.gulliverzlin.cz\/wpress\/gulliver-na-cestach\/","title":{"rendered":"GULLIVER na cest\u00e1ch"},"content":{"rendered":"\n<p class=\"has-text-align-center wp-block-paragraph\"><strong><strong>&#8222;<\/strong>Gulliver na cest\u00e1ch &#8220; je n\u00e1\u0161 mobiln\u00ed podnik<\/strong> <strong>sbalen\u00fd podle pot\u0159eby v jednom a\u017e dvou st\u00e1nc\u00edch, se kter\u00fdm za v\u00e1mi vyr\u00e1\u017e\u00edme mimo na\u0161i z\u00e1kladnu ob\u010derstvovat akce v\u0161eho druhu.<\/strong><\/p>\n\n\n\n<p class=\"has-text-align-center wp-block-paragraph\"><strong>FESTIVALY \u25cb JARMARKY  \u25cb  TRHY  \u25cb  SLAVNOSTI  \u25cb  FOOD FESTIVALY  \u25cb  M\u011aSTSK\u00c9 A KOMUNITN\u00cd AKCE  \u25cb  <br> SPORTOVN\u00cd AKCE \u25cb FIREMN\u00cd AKCE  \u25cb  SOUKROM\u00c9 OSLAVY  \u25cb  P\u00c1RTY<\/strong> <\/p>\n\n\n<div class=\"wp-block-image is-style-rounded\">\n<figure class=\"aligncenter size-large is-resized\"><img fetchpriority=\"high\" decoding=\"async\" width=\"2327\" height=\"2327\" src=\"https:\/\/www.gulliverzlin.cz\/wpress\/wp-content\/uploads\/2025\/06\/SYFOTEUS_Logo_cervena_ctverec-edited.png\" alt=\"\" class=\"wp-image-773\" style=\"width:600px;height:auto\" srcset=\"https:\/\/www.gulliverzlin.cz\/wpress\/wp-content\/uploads\/2025\/06\/SYFOTEUS_Logo_cervena_ctverec-edited.png 2327w, https:\/\/www.gulliverzlin.cz\/wpress\/wp-content\/uploads\/2025\/06\/SYFOTEUS_Logo_cervena_ctverec-edited-300x300.png 300w, https:\/\/www.gulliverzlin.cz\/wpress\/wp-content\/uploads\/2025\/06\/SYFOTEUS_Logo_cervena_ctverec-edited-1024x1024.png 1024w, https:\/\/www.gulliverzlin.cz\/wpress\/wp-content\/uploads\/2025\/06\/SYFOTEUS_Logo_cervena_ctverec-edited-150x150.png 150w, https:\/\/www.gulliverzlin.cz\/wpress\/wp-content\/uploads\/2025\/06\/SYFOTEUS_Logo_cervena_ctverec-edited-768x768.png 768w, https:\/\/www.gulliverzlin.cz\/wpress\/wp-content\/uploads\/2025\/06\/SYFOTEUS_Logo_cervena_ctverec-edited-1536x1536.png 1536w, https:\/\/www.gulliverzlin.cz\/wpress\/wp-content\/uploads\/2025\/06\/SYFOTEUS_Logo_cervena_ctverec-edited-2048x2048.png 2048w\" sizes=\"(max-width: 2327px) 100vw, 2327px\" \/><\/figure>\n<\/div>\n\n\n<p style=\"text-align: center;\"><strong>St\u0159edobodem na\u0161eho putovn\u00edho podniku je samoz\u0159ejm\u011b SYFOTEUS &#8211; vlastn\u00ed, z \u010daj\u016f, bylin a ovocn\u00fdch sm\u011bs\u00ed luhovan\u00e9 sycen\u00e9 limon\u00e1dy. Za t\u00e9m\u011b\u0159 8 let Gulliverova p\u0159\u00edb\u011bhu m\u00e1me n\u011bkolik osv\u011bd\u010den\u00fdch st\u00e1lic &#8211; ovocn\u00e1 <em>TUTY FRUTY<\/em>, bylinn\u00e1 <em>CORTEZA<\/em> a v neposledn\u00ed \u0159ad\u011b vlastn\u00ed origin\u00e1ln\u00ed cola <em>GULLICOLA<\/em>.&nbsp;&nbsp;<\/strong><\/p>\n<p>\u25cb V kombinaci na\u0161eho Syfotea s pr\u00e9miov\u00fdmi alkoholy, jako nap\u0159. gin, whiskey, rum nebo lik\u00e9r m\u00edch\u00e1me tak\u00e9 origin\u00e1ln\u00ed letn\u00ed <strong>SYFODRINKY<\/strong> v n\u011bkolika prov\u011b\u0159en\u00fdch variant\u00e1ch.<\/p>\n<p>\u25cb Spojen\u00edm Syfotea s kvalitn\u00edm b\u00edl\u00fdm nebo \u010derven\u00fdm v\u00ednem v\u00e1m p\u0159iprav\u00edme i sv\u011b\u017e\u00ed letn\u00ed st\u0159ik, n\u00e1\u0161 takzvan\u00fd <strong>SYFOST\u0158IK<\/strong>.<\/p>\n<p>\u25cb Kdo chce lech\u010d\u00ed variantu ovocn\u00e9ho piva s men\u0161\u00edm obsahem alkoholu, nen\u00ed nic jednodu\u0161\u0161\u00edho ne\u017e mu m\u00edchnout kvalitn\u00ed sv\u011btl\u00fd le\u017e\u00e1k s na\u0161\u00edm ovocn\u00fdm Syfoteem a je na sv\u011bt\u011b n\u00e1\u0161 vlastn\u00ed radler s prodejn\u00edm n\u00e1zvem <strong>PYVOTEUS<\/strong>.<\/p>\n<p>\u25cb Pokud je to t\u0159eba, p\u0159ivezeme s sebou i espresso k\u00e1vovar, s kter\u00fdm v\u00e1m na akci p\u0159iprav\u00edme komplet <strong>K\u00c1VOV\u00dd SERVIS<\/strong>.<\/p>\n<p>\u25cb Na t\u00e9m\u011b\u0159 \u017e\u00e1dn\u00e9 akci nesm\u00ed chyb\u011bt dobr\u00e9 to\u010den\u00e9 <strong>PIVO<\/strong>. D\u00edky \u00fazk\u00e9 spolupr\u00e1ci s krom\u011b\u0159\u00ed\u017esk\u00fdm \u0159emesln\u00fdm pivovarem Maxmilian um\u00edme va\u0161i akci kvalitn\u011b pivn\u011b obslou\u017eit jak klasick\u00fdmi le\u017e\u00e1ky, tak speci\u00e1ly nebo pivy svrchn\u011b kva\u0161en\u00fdmi.&nbsp; &nbsp; &nbsp;&nbsp;<\/p>\n<p>\u25cb Pokud si to popt\u00e1vka \u017e\u00e1d\u00e1, dovezeme i <strong>CATERING<\/strong>. Dok\u00e1\u017eeme nab\u00eddnout z pestr\u00e9 \u0161k\u00e1ly 11 druh\u016f na\u0161ich legend\u00e1rn\u00edch zape\u010den\u00fdch masov\u00fdch, vegetari\u00e1nsk\u00fdch \u010di vegansk\u00fdch toust\u016f.<\/p>\n\n\n\n<p class=\"has-text-align-center wp-block-paragraph\"><strong>FESTIVALY \u25cb JARMARKY  \u25cb  TRHY  \u25cb  SLAVNOSTI  \u25cb  FOOD FESTIVALY  \u25cb  M\u011aSTSK\u00c9 A KOMUNITN\u00cd AKCE  \u25cb  <br> SPORTOVN\u00cd AKCE \u25cb FIREMN\u00cd AKCE  \u25cb  SOUKROM\u00c9 OSLAVY  \u25cb  P\u00c1RTY<span style=\"color: initial;\"> <\/span><\/strong><\/p>\n\n\n<div class=\"wp-block-image\">\n<figure class=\"aligncenter size-large is-resized\"><img decoding=\"async\" width=\"1024\" height=\"1024\" src=\"https:\/\/www.gulliverzlin.cz\/wpress\/wp-content\/uploads\/2026\/07\/logo_kruh_velkokavarna_bile_FB-IG-simple-300x300-2-1024x1024.png\" alt=\"\" class=\"wp-image-1035\" style=\"width:415px;height:auto\" srcset=\"https:\/\/www.gulliverzlin.cz\/wpress\/wp-content\/uploads\/2026\/07\/logo_kruh_velkokavarna_bile_FB-IG-simple-300x300-2-1024x1024.png 1024w, https:\/\/www.gulliverzlin.cz\/wpress\/wp-content\/uploads\/2026\/07\/logo_kruh_velkokavarna_bile_FB-IG-simple-300x300-2-300x300.png 300w, https:\/\/www.gulliverzlin.cz\/wpress\/wp-content\/uploads\/2026\/07\/logo_kruh_velkokavarna_bile_FB-IG-simple-300x300-2-150x150.png 150w, https:\/\/www.gulliverzlin.cz\/wpress\/wp-content\/uploads\/2026\/07\/logo_kruh_velkokavarna_bile_FB-IG-simple-300x300-2-768x768.png 768w, https:\/\/www.gulliverzlin.cz\/wpress\/wp-content\/uploads\/2026\/07\/logo_kruh_velkokavarna_bile_FB-IG-simple-300x300-2-1536x1536.png 1536w, https:\/\/www.gulliverzlin.cz\/wpress\/wp-content\/uploads\/2026\/07\/logo_kruh_velkokavarna_bile_FB-IG-simple-300x300-2.png 1628w\" sizes=\"(max-width: 1024px) 100vw, 1024px\" \/><\/figure>\n<\/div>\n\n\n<p>\u00a0<\/p>\n<h2 style=\"text-align: center;\"><strong>VOLEJTE<\/strong> <span style=\"color: #ff0000;\"><a href=\"tel:+420608630080\">+420 608 630 080<\/a><\/span><\/h2>\n<h2 style=\"text-align: center;\"><strong>PI\u0160TE<\/strong> <a href=\"mailto:info@gulliverzlin.cz\"><span style=\"color: #ff0000;\">info@gulliverzlin.cz<\/span><\/a><\/h2>\n<p>\u00a0<\/p>\n\n\n\n<hr class=\"wp-block-separator has-alpha-channel-opacity\"\/>\n\n\n\n\n\n<h2 style=\"text-align: center;\"><strong>PRAVIDELN\u011a JEZD\u00cdME nap\u0159&#8230;<\/strong><\/h2>\n\n\n\n<figure class=\"wp-block-gallery has-nested-images columns-3 is-cropped wp-block-gallery-1 is-layout-flex wp-block-gallery-is-layout-flex\">\n<figure class=\"wp-block-image size-large\"><a href=\"https:\/\/festival.kulturazlin.cz\/\" target=\"_blank\" rel=\" noreferrer noopener\"><img decoding=\"async\" width=\"618\" height=\"323\" data-id=\"987\" src=\"https:\/\/www.gulliverzlin.cz\/wpress\/wp-content\/uploads\/2026\/07\/zlin-zije.jpeg\" alt=\"\" class=\"wp-image-987\" srcset=\"https:\/\/www.gulliverzlin.cz\/wpress\/wp-content\/uploads\/2026\/07\/zlin-zije.jpeg 618w, https:\/\/www.gulliverzlin.cz\/wpress\/wp-content\/uploads\/2026\/07\/zlin-zije-300x157.jpeg 300w, https:\/\/www.gulliverzlin.cz\/wpress\/wp-content\/uploads\/2026\/07\/zlin-zije-150x78.jpeg 150w, https:\/\/www.gulliverzlin.cz\/wpress\/wp-content\/uploads\/2026\/07\/zlin-zije-250x131.jpeg 250w\" sizes=\"(max-width: 618px) 100vw, 618px\" \/><\/a><\/figure>\n\n\n\n<figure class=\"wp-block-image size-large\"><a href=\"https:\/\/www.besedaubigbitu.cz\/\" target=\"_blank\" rel=\" noreferrer noopener\"><img loading=\"lazy\" decoding=\"async\" width=\"473\" height=\"473\" data-id=\"981\" src=\"https:\/\/www.gulliverzlin.cz\/wpress\/wp-content\/uploads\/2026\/07\/beseda.png\" alt=\"\" class=\"wp-image-981\" srcset=\"https:\/\/www.gulliverzlin.cz\/wpress\/wp-content\/uploads\/2026\/07\/beseda.png 473w, https:\/\/www.gulliverzlin.cz\/wpress\/wp-content\/uploads\/2026\/07\/beseda-300x300.png 300w, https:\/\/www.gulliverzlin.cz\/wpress\/wp-content\/uploads\/2026\/07\/beseda-150x150.png 150w\" sizes=\"(max-width: 473px) 100vw, 473px\" \/><\/a><\/figure>\n\n\n\n<figure class=\"wp-block-image size-large\"><a href=\"https:\/\/www.wificven.cz\/\" target=\"_blank\" rel=\" noreferrer noopener\"><img loading=\"lazy\" decoding=\"async\" width=\"1024\" height=\"538\" data-id=\"985\" src=\"https:\/\/www.gulliverzlin.cz\/wpress\/wp-content\/uploads\/2026\/07\/wific-1024x538.png\" alt=\"\" class=\"wp-image-985\" srcset=\"https:\/\/www.gulliverzlin.cz\/wpress\/wp-content\/uploads\/2026\/07\/wific-1024x538.png 1024w, https:\/\/www.gulliverzlin.cz\/wpress\/wp-content\/uploads\/2026\/07\/wific-300x158.png 300w, https:\/\/www.gulliverzlin.cz\/wpress\/wp-content\/uploads\/2026\/07\/wific-768x403.png 768w, https:\/\/www.gulliverzlin.cz\/wpress\/wp-content\/uploads\/2026\/07\/wific-150x79.png 150w, https:\/\/www.gulliverzlin.cz\/wpress\/wp-content\/uploads\/2026\/07\/wific-250x131.png 250w, https:\/\/www.gulliverzlin.cz\/wpress\/wp-content\/uploads\/2026\/07\/wific.png 1200w\" sizes=\"(max-width: 1024px) 100vw, 1024px\" \/><\/a><\/figure>\n\n\n\n<figure class=\"wp-block-image size-large\"><a href=\"https:\/\/www.letnialternativa.cz\/\" target=\"_blank\" rel=\" noreferrer noopener\"><img loading=\"lazy\" decoding=\"async\" width=\"1024\" height=\"576\" data-id=\"983\" src=\"https:\/\/www.gulliverzlin.cz\/wpress\/wp-content\/uploads\/2026\/07\/letni-alternativa-1024x576.png\" alt=\"\" class=\"wp-image-983\" srcset=\"https:\/\/www.gulliverzlin.cz\/wpress\/wp-content\/uploads\/2026\/07\/letni-alternativa-1024x576.png 1024w, https:\/\/www.gulliverzlin.cz\/wpress\/wp-content\/uploads\/2026\/07\/letni-alternativa-300x169.png 300w, https:\/\/www.gulliverzlin.cz\/wpress\/wp-content\/uploads\/2026\/07\/letni-alternativa-768x432.png 768w, https:\/\/www.gulliverzlin.cz\/wpress\/wp-content\/uploads\/2026\/07\/letni-alternativa-1536x864.png 1536w, https:\/\/www.gulliverzlin.cz\/wpress\/wp-content\/uploads\/2026\/07\/letni-alternativa-150x84.png 150w, https:\/\/www.gulliverzlin.cz\/wpress\/wp-content\/uploads\/2026\/07\/letni-alternativa-250x141.png 250w, https:\/\/www.gulliverzlin.cz\/wpress\/wp-content\/uploads\/2026\/07\/letni-alternativa.png 1920w\" sizes=\"(max-width: 1024px) 100vw, 1024px\" \/><\/a><\/figure>\n\n\n\n<figure class=\"wp-block-image size-large\"><a href=\"https:\/\/zverine.cz\/\" target=\"_blank\" rel=\" noreferrer noopener\"><img loading=\"lazy\" decoding=\"async\" width=\"1024\" height=\"961\" data-id=\"986\" src=\"https:\/\/www.gulliverzlin.cz\/wpress\/wp-content\/uploads\/2026\/07\/zverinec-1024x961.png\" alt=\"\" class=\"wp-image-986\" srcset=\"https:\/\/www.gulliverzlin.cz\/wpress\/wp-content\/uploads\/2026\/07\/zverinec-1024x961.png 1024w, https:\/\/www.gulliverzlin.cz\/wpress\/wp-content\/uploads\/2026\/07\/zverinec-300x281.png 300w, https:\/\/www.gulliverzlin.cz\/wpress\/wp-content\/uploads\/2026\/07\/zverinec-768x720.png 768w, https:\/\/www.gulliverzlin.cz\/wpress\/wp-content\/uploads\/2026\/07\/zverinec-1536x1441.png 1536w, https:\/\/www.gulliverzlin.cz\/wpress\/wp-content\/uploads\/2026\/07\/zverinec-150x141.png 150w, https:\/\/www.gulliverzlin.cz\/wpress\/wp-content\/uploads\/2026\/07\/zverinec-160x150.png 160w, https:\/\/www.gulliverzlin.cz\/wpress\/wp-content\/uploads\/2026\/07\/zverinec.png 1920w\" sizes=\"(max-width: 1024px) 100vw, 1024px\" \/><\/a><\/figure>\n\n\n\n<figure class=\"wp-block-image size-large\"><a href=\"https:\/\/www.malysvet.info\/\" target=\"_blank\" rel=\" noreferrer noopener\"><img loading=\"lazy\" decoding=\"async\" width=\"1024\" height=\"553\" data-id=\"982\" src=\"https:\/\/www.gulliverzlin.cz\/wpress\/wp-content\/uploads\/2026\/07\/frystacky-maly-svet-1024x553.jpg\" alt=\"\" class=\"wp-image-982\" srcset=\"https:\/\/www.gulliverzlin.cz\/wpress\/wp-content\/uploads\/2026\/07\/frystacky-maly-svet-1024x553.jpg 1024w, https:\/\/www.gulliverzlin.cz\/wpress\/wp-content\/uploads\/2026\/07\/frystacky-maly-svet-300x162.jpg 300w, https:\/\/www.gulliverzlin.cz\/wpress\/wp-content\/uploads\/2026\/07\/frystacky-maly-svet-768x414.jpg 768w, https:\/\/www.gulliverzlin.cz\/wpress\/wp-content\/uploads\/2026\/07\/frystacky-maly-svet-1536x829.jpg 1536w, https:\/\/www.gulliverzlin.cz\/wpress\/wp-content\/uploads\/2026\/07\/frystacky-maly-svet-150x81.jpg 150w, https:\/\/www.gulliverzlin.cz\/wpress\/wp-content\/uploads\/2026\/07\/frystacky-maly-svet-250x135.jpg 250w, https:\/\/www.gulliverzlin.cz\/wpress\/wp-content\/uploads\/2026\/07\/frystacky-maly-svet.jpg 1920w\" sizes=\"(max-width: 1024px) 100vw, 1024px\" \/><\/a><\/figure>\n<\/figure>\n","protected":false},"excerpt":{"rendered":"<p>&#8222;Gulliver na cest\u00e1ch &#8220; je n\u00e1\u0161 mobiln\u00ed podnik sbalen\u00fd podle pot\u0159eby v jednom a\u017e dvou st\u00e1nc\u00edch, se kter\u00fdm za v\u00e1mi vyr\u00e1\u017e\u00edme mimo na\u0161i z\u00e1kladnu ob\u010derstvovat akce v\u0161eho druhu. FESTIVALY \u25cb JARMARKY \u25cb TRHY \u25cb SLAVNOSTI \u25cb FOOD FESTIVALY \u25cb M\u011aSTSK\u00c9 A KOMUNITN\u00cd AKCE \u25cb SPORTOVN\u00cd AKCE \u25cb FIREMN\u00cd AKCE \u25cb&#8230; <a class=\"continue-reading-link\" href=\"https:\/\/www.gulliverzlin.cz\/wpress\/gulliver-na-cestach\/\"> Continue reading <span class=\"meta-nav\">&rarr; <\/span><\/a><\/p>\n","protected":false},"author":1,"featured_media":0,"parent":0,"menu_order":0,"comment_status":"closed","ping_status":"closed","template":"","meta":{"footnotes":""},"class_list":["post-34","page","type-page","status-publish","hentry"],"_links":{"self":[{"href":"https:\/\/www.gulliverzlin.cz\/wpress\/wp-json\/wp\/v2\/pages\/34","targetHints":{"allow":["GET"]}}],"collection":[{"href":"https:\/\/www.gulliverzlin.cz\/wpress\/wp-json\/wp\/v2\/pages"}],"about":[{"href":"https:\/\/www.gulliverzlin.cz\/wpress\/wp-json\/wp\/v2\/types\/page"}],"author":[{"embeddable":true,"href":"https:\/\/www.gulliverzlin.cz\/wpress\/wp-json\/wp\/v2\/users\/1"}],"replies":[{"embeddable":true,"href":"https:\/\/www.gulliverzlin.cz\/wpress\/wp-json\/wp\/v2\/comments?post=34"}],"version-history":[{"count":62,"href":"https:\/\/www.gulliverzlin.cz\/wpress\/wp-json\/wp\/v2\/pages\/34\/revisions"}],"predecessor-version":[{"id":1045,"href":"https:\/\/www.gulliverzlin.cz\/wpress\/wp-json\/wp\/v2\/pages\/34\/revisions\/1045"}],"wp:attachment":[{"href":"https:\/\/www.gulliverzlin.cz\/wpress\/wp-json\/wp\/v2\/media?parent=34"}],"curies":[{"name":"wp","href":"https:\/\/api.w.org\/{rel}","templated":true}]}}