{"id":34,"date":"2018-11-23T16:28:23","date_gmt":"2018-11-23T15:28:23","guid":{"rendered":"http:\/\/www.gulliverzlin.cz\/wpress\/?page_id=34"},"modified":"2026-01-02T22:26:11","modified_gmt":"2026-01-02T21:26:11","slug":"vyjezdni-velkokavarna","status":"publish","type":"page","link":"https:\/\/www.gulliverzlin.cz\/wpress\/vyjezdni-velkokavarna\/","title":{"rendered":"V\u00fdjezdn\u00ed Velkokav\u00e1rna"},"content":{"rendered":"\n<p class=\"has-text-align-center\"><strong>Gulliverova &#8222;V\u00fdjezdn\u00ed Velkokav\u00e1rna&#8220; je n\u00e1\u0161 podnik na cesty sbalen\u00fd podle pot\u0159eby v jednom a\u017e dvou st\u00e1nc\u00edch, se kter\u00fdm za v\u00e1mi vyr\u00e1\u017e\u00edme mimo na\u0161i z\u00e1kladnu ob\u010derstvovat akce v\u0161eho druhu.<\/strong><\/p>\n\n\n\n<p class=\"has-text-align-center\"><strong>FESTIVALY \u25cb JARMARKY  \u25cb  TRHY  \u25cb  SLAVNOSTI  \u25cb  FOOD FESTIVALY  \u25cb  M\u011aSTSK\u00c9 A KOMUNITN\u00cd AKCE  \u25cb  <br> SPORTOVN\u00cd AKCE \u25cb FIREMN\u00cd AKCE  \u25cb  SOUKROM\u00c9 OSLAVY  \u25cb  P\u00c1RTY<\/strong> <\/p>\n\n\n<div class=\"wp-block-image is-style-rounded\">\n<figure class=\"aligncenter size-large is-resized\"><img fetchpriority=\"high\" decoding=\"async\" width=\"2327\" height=\"2327\" src=\"https:\/\/www.gulliverzlin.cz\/wpress\/wp-content\/uploads\/2025\/06\/SYFOTEUS_Logo_cervena_ctverec-edited.png\" alt=\"\" class=\"wp-image-773\" style=\"width:600px;height:auto\" srcset=\"https:\/\/www.gulliverzlin.cz\/wpress\/wp-content\/uploads\/2025\/06\/SYFOTEUS_Logo_cervena_ctverec-edited.png 2327w, https:\/\/www.gulliverzlin.cz\/wpress\/wp-content\/uploads\/2025\/06\/SYFOTEUS_Logo_cervena_ctverec-edited-300x300.png 300w, https:\/\/www.gulliverzlin.cz\/wpress\/wp-content\/uploads\/2025\/06\/SYFOTEUS_Logo_cervena_ctverec-edited-1024x1024.png 1024w, https:\/\/www.gulliverzlin.cz\/wpress\/wp-content\/uploads\/2025\/06\/SYFOTEUS_Logo_cervena_ctverec-edited-150x150.png 150w, https:\/\/www.gulliverzlin.cz\/wpress\/wp-content\/uploads\/2025\/06\/SYFOTEUS_Logo_cervena_ctverec-edited-768x768.png 768w, https:\/\/www.gulliverzlin.cz\/wpress\/wp-content\/uploads\/2025\/06\/SYFOTEUS_Logo_cervena_ctverec-edited-1536x1536.png 1536w, https:\/\/www.gulliverzlin.cz\/wpress\/wp-content\/uploads\/2025\/06\/SYFOTEUS_Logo_cervena_ctverec-edited-2048x2048.png 2048w\" sizes=\"(max-width: 2327px) 100vw, 2327px\" \/><\/figure>\n<\/div>\n\n\n<p style=\"text-align: center;\"><strong>St\u0159edobodem na\u0161\u00ed v\u00fdjezdn\u00ed Velkokav\u00e1rny je samoz\u0159ejm\u011b SYFOTEUS, na\u0161e vlastn\u00ed, z \u010daj\u016f, bylin a ovocn\u00fdch sm\u011bs\u00ed luhovan\u00e9 sycen\u00e9 limon\u00e1dy. Za t\u00e9m\u011b\u0159 8 let Gulliverova p\u0159\u00edb\u011bhu m\u00e1me n\u011bkolik osv\u011bd\u010den\u00fdch st\u00e1lic &#8211; ovocn\u00e1 <em>TUTY FRUTY<\/em>, bylinn\u00e1 <em>CORTEZA<\/em> a v neposledn\u00ed \u0159ad\u011b vlastn\u00ed origin\u00e1ln\u00ed cola <em>GULLICOLA<\/em>.&nbsp;&nbsp;<\/strong><\/p>\n<p>\u25cb V kombinaci na\u0161eho Syfotea s pr\u00e9miov\u00fdmi alkoholy, jako nap\u0159. gin, whiskey, rum nebo lik\u00e9r m\u00edch\u00e1me tak\u00e9 origin\u00e1ln\u00ed letn\u00ed <strong>SYFODRINKY<\/strong> v n\u011bkolika prov\u011b\u0159en\u00fdch variant\u00e1ch.<\/p>\n<p>\u25cb Spojen\u00edm Syfotea s kvalitn\u00edm b\u00edl\u00fdm nebo \u010derven\u00fdm v\u00ednem v\u00e1m p\u0159iprav\u00edme i sv\u011b\u017e\u00ed letn\u00ed st\u0159ik, n\u00e1\u0161 takzvan\u00fd <strong>SYFOST\u0158IK<\/strong>.<\/p>\n<p>\u25cb Kdo chce lech\u010d\u00ed variantu ovocn\u00e9ho piva s men\u0161\u00edm obsahem alkoholu, nen\u00ed nic jednodu\u0161\u0161\u00edho ne\u017e mu m\u00edchnout kvalitn\u00ed sv\u011btl\u00fd le\u017e\u00e1k s na\u0161\u00edm ovocn\u00fdm Syfoteem a je na sv\u011bt\u011b n\u00e1\u0161 vlastn\u00ed radler s prodejn\u00edm n\u00e1zvem <strong>PYVOTEUS<\/strong>.<\/p>\n<p>\u25cb Pokud je to t\u0159eba, p\u0159ivezeme s sebou i espresso k\u00e1vovar, s kter\u00fdm v\u00e1m na akci p\u0159iprav\u00edme komplet <strong>K\u00c1VOV\u00dd SERVIS<\/strong>.<\/p>\n<p>\u25cb Na t\u00e9m\u011b\u0159 \u017e\u00e1dn\u00e9 akci nesm\u00ed chyb\u011bt dobr\u00e9 to\u010den\u00e9 <strong>PIVO<\/strong>. D\u00edky \u00fazk\u00e9 spolupr\u00e1ci s krom\u011b\u0159\u00ed\u017esk\u00fdm \u0159emesln\u00fdm pivovarem Maxmilian um\u00edme va\u0161i akci kvalitn\u011b pivn\u011b obslou\u017eit jak klasick\u00fdmi le\u017e\u00e1ky, tak speci\u00e1ly nebo pivy svrchn\u011b kva\u0161en\u00fdmi.&nbsp; &nbsp; &nbsp;&nbsp;<\/p>\n<p>\u25cb Pokud si to popt\u00e1vka \u017e\u00e1d\u00e1, dovezeme i <strong>CATERING<\/strong>. Dok\u00e1\u017eeme nab\u00eddnout z pestr\u00e9 \u0161k\u00e1ly 11 druh\u016f na\u0161ich legend\u00e1rn\u00edch zape\u010den\u00fdch masov\u00fdch, vegetari\u00e1nsk\u00fdch \u010di vegansk\u00fdch toust\u016f.<\/p>\n\n\n\n<p class=\"has-text-align-center\"><strong>FESTIVALY \u25cb JARMARKY  \u25cb  TRHY  \u25cb  SLAVNOSTI  \u25cb  FOOD FESTIVALY  \u25cb  M\u011aSTSK\u00c9 A KOMUNITN\u00cd AKCE  \u25cb  <br> SPORTOVN\u00cd AKCE \u25cb FIREMN\u00cd AKCE  \u25cb  SOUKROM\u00c9 OSLAVY  \u25cb  P\u00c1RTY<span style=\"color: initial;\"> <\/span><\/strong><\/p>\n\n\n<div class=\"wp-block-image\">\n<figure class=\"aligncenter size-large is-resized\"><img decoding=\"async\" width=\"1024\" height=\"1024\" src=\"https:\/\/www.gulliverzlin.cz\/wpress\/wp-content\/uploads\/2025\/12\/logo_kruh_velkokavarna_bile_cze-300x300-1-1024x1024.png\" alt=\"\" class=\"wp-image-914\" style=\"width:415px;height:auto\" srcset=\"https:\/\/www.gulliverzlin.cz\/wpress\/wp-content\/uploads\/2025\/12\/logo_kruh_velkokavarna_bile_cze-300x300-1-1024x1024.png 1024w, https:\/\/www.gulliverzlin.cz\/wpress\/wp-content\/uploads\/2025\/12\/logo_kruh_velkokavarna_bile_cze-300x300-1-300x300.png 300w, https:\/\/www.gulliverzlin.cz\/wpress\/wp-content\/uploads\/2025\/12\/logo_kruh_velkokavarna_bile_cze-300x300-1-150x150.png 150w, https:\/\/www.gulliverzlin.cz\/wpress\/wp-content\/uploads\/2025\/12\/logo_kruh_velkokavarna_bile_cze-300x300-1-768x768.png 768w, https:\/\/www.gulliverzlin.cz\/wpress\/wp-content\/uploads\/2025\/12\/logo_kruh_velkokavarna_bile_cze-300x300-1-1536x1536.png 1536w, https:\/\/www.gulliverzlin.cz\/wpress\/wp-content\/uploads\/2025\/12\/logo_kruh_velkokavarna_bile_cze-300x300-1.png 1628w\" sizes=\"(max-width: 1024px) 100vw, 1024px\" \/><\/figure>\n<\/div>\n\n\n<p>\u00a0<\/p>\n<h2 style=\"text-align: center;\"><strong>VOLEJTE<\/strong> <span style=\"color: #ff0000;\">+420 608 630 080<\/span><\/h2>\n<h2 style=\"text-align: center;\"><strong>PI\u0160TE<\/strong> <a href=\"mailto:info@gulliverzlin.cz\"><span style=\"color: #ff0000;\">info@gulliverzlin.cz<\/span><\/a><\/h2>\n<p>\u00a0<\/p>\n","protected":false},"excerpt":{"rendered":"<p>Gulliverova &#8222;V\u00fdjezdn\u00ed Velkokav\u00e1rna&#8220; je n\u00e1\u0161 podnik na cesty sbalen\u00fd podle pot\u0159eby v jednom a\u017e dvou st\u00e1nc\u00edch, se kter\u00fdm za v\u00e1mi vyr\u00e1\u017e\u00edme mimo na\u0161i z\u00e1kladnu ob\u010derstvovat akce v\u0161eho druhu. FESTIVALY \u25cb JARMARKY \u25cb TRHY \u25cb SLAVNOSTI \u25cb FOOD FESTIVALY \u25cb M\u011aSTSK\u00c9 A KOMUNITN\u00cd AKCE \u25cb SPORTOVN\u00cd AKCE \u25cb FIREMN\u00cd AKCE \u25cb&#8230; <a class=\"continue-reading-link\" href=\"https:\/\/www.gulliverzlin.cz\/wpress\/vyjezdni-velkokavarna\/\"> Continue reading <span class=\"meta-nav\">&rarr; <\/span><\/a><\/p>\n","protected":false},"author":1,"featured_media":0,"parent":0,"menu_order":0,"comment_status":"closed","ping_status":"closed","template":"","meta":{"footnotes":""},"class_list":["post-34","page","type-page","status-publish","hentry"],"_links":{"self":[{"href":"https:\/\/www.gulliverzlin.cz\/wpress\/wp-json\/wp\/v2\/pages\/34","targetHints":{"allow":["GET"]}}],"collection":[{"href":"https:\/\/www.gulliverzlin.cz\/wpress\/wp-json\/wp\/v2\/pages"}],"about":[{"href":"https:\/\/www.gulliverzlin.cz\/wpress\/wp-json\/wp\/v2\/types\/page"}],"author":[{"embeddable":true,"href":"https:\/\/www.gulliverzlin.cz\/wpress\/wp-json\/wp\/v2\/users\/1"}],"replies":[{"embeddable":true,"href":"https:\/\/www.gulliverzlin.cz\/wpress\/wp-json\/wp\/v2\/comments?post=34"}],"version-history":[{"count":43,"href":"https:\/\/www.gulliverzlin.cz\/wpress\/wp-json\/wp\/v2\/pages\/34\/revisions"}],"predecessor-version":[{"id":925,"href":"https:\/\/www.gulliverzlin.cz\/wpress\/wp-json\/wp\/v2\/pages\/34\/revisions\/925"}],"wp:attachment":[{"href":"https:\/\/www.gulliverzlin.cz\/wpress\/wp-json\/wp\/v2\/media?parent=34"}],"curies":[{"name":"wp","href":"https:\/\/api.w.org\/{rel}","templated":true}]}}